{"id":143,"date":"2021-04-06T15:13:56","date_gmt":"2021-04-06T13:13:56","guid":{"rendered":"https:\/\/pierretap.com\/?page_id=143"},"modified":"2021-04-06T17:22:11","modified_gmt":"2021-04-06T15:22:11","slug":"supports-video","status":"publish","type":"page","link":"https:\/\/pierretap.com\/index.php\/supports-video\/","title":{"rendered":"Supports vid\u00e9o"},"content":{"rendered":"<h2>Psychologie Sociale<\/h2>\n<p>&nbsp;<\/p>\n<p><a href=\"https:\/\/pierretap.com\/ppt\/social\/eng10.pdf\" data-wp-editing=\"1\"><img loading=\"lazy\" decoding=\"async\" class=\"alignnone size-full wp-image-148\" src=\"https:\/\/pierretap.com\/wp-content\/uploads\/2021\/04\/ussmall.png\" alt=\"\" width=\"40\" height=\"21\" \/> Identity ans VAE among persons in detention<\/a><\/p>\n<p><a href=\"https:\/\/pierretap.com\/ppt\/social\/eng11.pdf\"><img loading=\"lazy\" decoding=\"async\" class=\"alignnone size-full wp-image-148\" src=\"https:\/\/pierretap.com\/wp-content\/uploads\/2021\/04\/ussmall.png\" alt=\"\" width=\"40\" height=\"21\" \/> Precariousness and self-esteem<\/a><\/p>\n<p><a href=\"https:\/\/pierretap.com\/ppt\/social\/eng13.pdf\"><img loading=\"lazy\" decoding=\"async\" class=\"alignnone size-full wp-image-148\" src=\"https:\/\/pierretap.com\/wp-content\/uploads\/2021\/04\/ussmall.png\" alt=\"\" width=\"40\" height=\"21\" \/> Precariousness and integration<\/a><\/p>\n<p><a href=\"https:\/\/pierretap.com\/ppt\/social\/fr11.pdf\"><img loading=\"lazy\" decoding=\"async\" class=\"alignnone size-full wp-image-145\" src=\"https:\/\/pierretap.com\/wp-content\/uploads\/2021\/04\/frsmall.png\" alt=\"\" width=\"40\" height=\"27\" \/> Identit\u00e9 VAE et d\u00e9tention<\/a><\/p>\n<p><a href=\"https:\/\/pierretap.com\/ppt\/social\/fr11aix.pdf\"><img loading=\"lazy\" decoding=\"async\" class=\"alignnone size-full wp-image-145\" src=\"https:\/\/pierretap.com\/wp-content\/uploads\/2021\/04\/frsmall.png\" alt=\"\" width=\"40\" height=\"27\" \/> Pr\u00e9carit\u00e9 et vuln\u00e9rabilit\u00e9<\/a><\/p>\n<p><a href=\"https:\/\/pierretap.com\/ppt\/social\/fr14.pdf\"><img loading=\"lazy\" decoding=\"async\" class=\"alignnone size-full wp-image-145\" src=\"https:\/\/pierretap.com\/wp-content\/uploads\/2021\/04\/frsmall.png\" alt=\"\" width=\"40\" height=\"27\" \/> Droits de l&rsquo;homme 1789<\/a><\/p>\n<p><a href=\"https:\/\/pierretap.com\/ppt\/social\/fr15.pdf\"><img loading=\"lazy\" decoding=\"async\" class=\"alignnone size-full wp-image-145\" src=\"https:\/\/pierretap.com\/wp-content\/uploads\/2021\/04\/frsmall.png\" alt=\"\" width=\"40\" height=\"27\" \/> Acc\u00e8s au pouvoir (empowerment) de la personne<\/a><\/p>\n<p><a href=\"https:\/\/pierretap.com\/ppt\\\/social\/fr11a.pdf\"><img loading=\"lazy\" decoding=\"async\" class=\"alignnone size-full wp-image-145\" src=\"https:\/\/pierretap.com\/wp-content\/uploads\/2021\/04\/frsmall.png\" alt=\"\" width=\"40\" height=\"27\" \/> Pr\u00e9carit\u00e9 et vuln\u00e9rabilit\u00e9 psychologique<\/a><\/p>\n<p><a href=\"https:\/\/pierretap.com\/ppt\/social\/pt11b.pdf\"><img loading=\"lazy\" decoding=\"async\" class=\"alignnone size-full wp-image-147\" src=\"https:\/\/pierretap.com\/wp-content\/uploads\/2021\/04\/ptsmall.png\" alt=\"\" width=\"40\" height=\"27\" \/> Precaridade, vulnerabilidade &amp;hierarquiza\u00e7\u00e3o de valores<\/a><\/p>\n<p><a href=\"https:\/\/pierretap.com\/ppt\/social\/pt11c.pdf\"><img loading=\"lazy\" decoding=\"async\" class=\"alignnone size-full wp-image-147\" src=\"https:\/\/pierretap.com\/wp-content\/uploads\/2021\/04\/ptsmall.png\" alt=\"\" width=\"40\" height=\"27\" \/> Precaridade &amp; vulnerabilidade psicol\u00f3gica estudo fr- pt<\/a><\/p>\n<p><a href=\"https:\/\/pierretap.com\/ppt\/social\/pt13.pdf\"><img loading=\"lazy\" decoding=\"async\" class=\"alignnone size-full wp-image-147\" src=\"https:\/\/pierretap.com\/wp-content\/uploads\/2021\/04\/ptsmall.png\" alt=\"\" width=\"40\" height=\"27\" \/> Sa\u00fade, precariedade e vulnerabilidade psicossocial<\/a><\/p>\n<p><a href=\"https:\/\/pierretap.com\/ppt\/social\/pt14a.pdf\"><img loading=\"lazy\" decoding=\"async\" class=\"alignnone size-full wp-image-147\" src=\"https:\/\/pierretap.com\/wp-content\/uploads\/2021\/04\/ptsmall.png\" alt=\"\" width=\"40\" height=\"27\" \/> Declara\u00e7\u00e3o Universal dos Direitos Humanos(1948)<\/a><\/p>\n<p><a href=\"https:\/\/pierretap.com\/ppt\/social\/pt14b.pdf\"><img loading=\"lazy\" decoding=\"async\" class=\"alignnone size-full wp-image-147\" src=\"https:\/\/pierretap.com\/wp-content\/uploads\/2021\/04\/ptsmall.png\" alt=\"\" width=\"40\" height=\"27\" \/> Mundializa\u00e7\u00e3o e Direitos do Homem<\/a><\/p>\n<p><a href=\"https:\/\/pierretap.com\/ppt\/social\/pt15.pdf\"><img loading=\"lazy\" decoding=\"async\" class=\"alignnone size-full wp-image-147\" src=\"https:\/\/pierretap.com\/wp-content\/uploads\/2021\/04\/ptsmall.png\" alt=\"\" width=\"40\" height=\"27\" \/> Din\u00e2mica transaccional do poder<\/a><\/p>\n<p><a href=\"https:\/\/pierretap.com\/ppt\/social\/pt15a.pdf\"><img loading=\"lazy\" decoding=\"async\" class=\"alignnone size-full wp-image-147\" src=\"https:\/\/pierretap.com\/wp-content\/uploads\/2021\/04\/ptsmall.png\" alt=\"\" width=\"40\" height=\"27\" \/> \u00ab\u00a0Affordances\u00a0\u00bb e \u00ab\u00a0\u00e9naction\u00a0\u00bb<\/a><\/p>\n<p><a href=\"https:\/\/pierretap.com\/ppt\/social\/pt15b.pdf\"><img loading=\"lazy\" decoding=\"async\" class=\"alignnone size-full wp-image-147\" src=\"https:\/\/pierretap.com\/wp-content\/uploads\/2021\/04\/ptsmall.png\" alt=\"\" width=\"40\" height=\"27\" \/> \u00ab\u00a0Empowerment\u00a0\u00bb<\/a><\/p>\n<h2>Psychologie de la sant\u00e9 et psychologie clinique<\/h2>\n<p>&nbsp;<\/p>\n<p><a href=\"https:\/\/pierretap.com\/ppt\/sante\/eng22a.pdf\"><img loading=\"lazy\" decoding=\"async\" class=\"alignnone size-full wp-image-148\" src=\"https:\/\/pierretap.com\/wp-content\/uploads\/2021\/04\/ussmall.png\" alt=\"\" width=\"40\" height=\"21\" \/> Precariousnessand vulnerability<\/a><\/p>\n<p><a href=\"https:\/\/pierretap.com\/ppt\/sante\/eng22b.pdf\"><img loading=\"lazy\" decoding=\"async\" class=\"alignnone size-full wp-image-148\" src=\"https:\/\/pierretap.com\/wp-content\/uploads\/2021\/04\/ussmall.png\" alt=\"\" width=\"40\" height=\"21\" \/> Precariousnessand vulnerability<\/a><\/p>\n<p><a href=\"https:\/\/pierretap.com\/ppt\/sante\/fr20.pdf\"><img loading=\"lazy\" decoding=\"async\" class=\"alignnone size-full wp-image-145\" src=\"https:\/\/pierretap.com\/wp-content\/uploads\/2021\/04\/frsmall.png\" alt=\"\" width=\"40\" height=\"27\" \/> Les 9 processus li\u00e9s \u00e0 la r\u00e9silience<\/a><\/p>\n<p><a href=\"https:\/\/pierretap.com\/ppt\/sante\/fr22a.pdf\"><img loading=\"lazy\" decoding=\"async\" class=\"alignnone size-full wp-image-145\" src=\"https:\/\/pierretap.com\/wp-content\/uploads\/2021\/04\/frsmall.png\" alt=\"\" width=\"40\" height=\"27\" \/> Echelle Toulousaine de coping<\/a><\/p>\n<p><a href=\"https:\/\/pierretap.com\/ppt\/sante\/fr22b.pdf\"><img loading=\"lazy\" decoding=\"async\" class=\"alignnone size-full wp-image-145\" src=\"https:\/\/pierretap.com\/wp-content\/uploads\/2021\/04\/frsmall.png\" alt=\"\" width=\"40\" height=\"27\" \/> Identit\u00e9 et travail de deuil<\/a><\/p>\n<p><a href=\"https:\/\/pierretap.com\/ppt\/sante\/fr23.pdf\"><img loading=\"lazy\" decoding=\"async\" class=\"alignnone size-full wp-image-145\" src=\"https:\/\/pierretap.com\/wp-content\/uploads\/2021\/04\/frsmall.png\" alt=\"\" width=\"40\" height=\"27\" \/> Counselling et d\u00e9veloppement personnel<\/a><\/p>\n<p><a href=\"https:\/\/pierretap.com\/ppt\/sante\/fr25a.pdf\"><img loading=\"lazy\" decoding=\"async\" class=\"alignnone size-full wp-image-145\" src=\"https:\/\/pierretap.com\/wp-content\/uploads\/2021\/04\/frsmall.png\" alt=\"\" width=\"40\" height=\"27\" \/> R\u00e9silience \/ Attachement \/ Coping<\/a><\/p>\n<p><a href=\"https:\/\/pierretap.com\/ppt\/sante\/fr25b.pdf\"><img loading=\"lazy\" decoding=\"async\" class=\"alignnone size-full wp-image-145\" src=\"https:\/\/pierretap.com\/wp-content\/uploads\/2021\/04\/frsmall.png\" alt=\"\" width=\"40\" height=\"27\" \/> Hardiness (endurance)<\/a><\/p>\n<p><a href=\"https:\/\/pierretap.com\/ppt\/sante\/pt20b.pdf\"><img loading=\"lazy\" decoding=\"async\" class=\"alignnone size-full wp-image-147\" src=\"https:\/\/pierretap.com\/wp-content\/uploads\/2021\/04\/ptsmall.png\" alt=\"\" width=\"40\" height=\"27\" \/> Psicologia da sa\u00fade<\/a><\/p>\n<p><a href=\"https:\/\/pierretap.com\/ppt\/sante\/pt20c.pdf\"><img loading=\"lazy\" decoding=\"async\" class=\"alignnone size-full wp-image-147\" src=\"https:\/\/pierretap.com\/wp-content\/uploads\/2021\/04\/ptsmall.png\" alt=\"\" width=\"40\" height=\"27\" \/> Auto-estima e stress<\/a><\/p>\n<p><a href=\"https:\/\/pierretap.com\/ppt\/sante\/pt20d.pdf\"><img loading=\"lazy\" decoding=\"async\" class=\"alignnone size-full wp-image-147\" src=\"https:\/\/pierretap.com\/wp-content\/uploads\/2021\/04\/ptsmall.png\" alt=\"\" width=\"40\" height=\"27\" \/> Ser psic\u00f3logo<\/a><\/p>\n<p><a href=\"https:\/\/pierretap.com\/ppt\/sante\/pt21a.pdf\"><img loading=\"lazy\" decoding=\"async\" class=\"alignnone size-full wp-image-147\" src=\"https:\/\/pierretap.com\/wp-content\/uploads\/2021\/04\/ptsmall.png\" alt=\"\" width=\"40\" height=\"27\" \/> Propostas normativas<\/a><\/p>\n<p><a href=\"https:\/\/pierretap.com\/ppt\/sante\/pt21b.pdf\"><img loading=\"lazy\" decoding=\"async\" class=\"alignnone size-full wp-image-147\" src=\"https:\/\/pierretap.com\/wp-content\/uploads\/2021\/04\/ptsmall.png\" alt=\"\" width=\"40\" height=\"27\" \/> Psicologia Positiva da Pessoa<\/a><\/p>\n<p><a href=\"https:\/\/pierretap.com\/ppt\/sante\/pt21c.pdf\"><img loading=\"lazy\" decoding=\"async\" class=\"alignnone size-full wp-image-147\" src=\"https:\/\/pierretap.com\/wp-content\/uploads\/2021\/04\/ptsmall.png\" alt=\"\" width=\"40\" height=\"27\" \/> Qualidade de vida e Bem Estar<\/a><\/p>\n<p><a href=\"https:\/\/pierretap.com\/ppt\\sante\\pt22a.pdf\"><img loading=\"lazy\" decoding=\"async\" class=\"alignnone size-full wp-image-147\" src=\"https:\/\/pierretap.com\/wp-content\/uploads\/2021\/04\/ptsmall.png\" alt=\"\" width=\"40\" height=\"27\" \/> Sa\u00fade, stress e precariedade<\/a><\/p>\n<p><a href=\"https:\/\/pierretap.com\/ppt\/sante\/pt22b.pdf\"><img loading=\"lazy\" decoding=\"async\" class=\"alignnone size-full wp-image-147\" src=\"https:\/\/pierretap.com\/wp-content\/uploads\/2021\/04\/ptsmall.png\" alt=\"\" width=\"40\" height=\"27\" \/> Escala Toulousiana do coping<\/a><\/p>\n<p><a href=\"https:\/\/pierretap.com\/ppt\/sante\/pt22c.pdf\"><img loading=\"lazy\" decoding=\"async\" class=\"alignnone size-full wp-image-147\" src=\"https:\/\/pierretap.com\/wp-content\/uploads\/2021\/04\/ptsmall.png\" alt=\"\" width=\"40\" height=\"27\" \/> Evaluation portugaise de l\u2019Echelle Toulousaine de coping<\/a><\/p>\n<p><a href=\"https:\/\/pierretap.com\/ppt\/sante\/pt22d.pdf\"><img loading=\"lazy\" decoding=\"async\" class=\"alignnone size-full wp-image-147\" src=\"https:\/\/pierretap.com\/wp-content\/uploads\/2021\/04\/ptsmall.png\" alt=\"\" width=\"40\" height=\"27\" \/> Stress profissional ao burnout<\/a><\/p>\n<p><a href=\"https:\/\/pierretap.com\/ppt\/sante\/pt23b.pdf\"><img loading=\"lazy\" decoding=\"async\" class=\"alignnone size-full wp-image-147\" src=\"https:\/\/pierretap.com\/wp-content\/uploads\/2021\/04\/ptsmall.png\" alt=\"\" width=\"40\" height=\"27\" \/> Aconselhamento e desenvolvimento pessoal<\/a><\/p>\n<p><a href=\"https:\/\/pierretap.com\/ppt\/sante\/pt24a.pdf\"><img loading=\"lazy\" decoding=\"async\" class=\"alignnone size-full wp-image-147\" src=\"https:\/\/pierretap.com\/wp-content\/uploads\/2021\/04\/ptsmall.png\" alt=\"\" width=\"40\" height=\"27\" \/> Valores, tabaco e haxixe<\/a><\/p>\n<p><a href=\"https:\/\/pierretap.com\/ppt\/sante\/pt24b.pdf\"><img loading=\"lazy\" decoding=\"async\" class=\"alignnone size-full wp-image-147\" src=\"https:\/\/pierretap.com\/wp-content\/uploads\/2021\/04\/ptsmall.png\" alt=\"\" width=\"40\" height=\"27\" \/> Tabagismo, coping e autoestima<\/a><\/p>\n<p><a href=\"https:\/\/pierretap.com\/ppt\/sante\/pt25a.pdf\"><img loading=\"lazy\" decoding=\"async\" class=\"alignnone size-full wp-image-147\" src=\"https:\/\/pierretap.com\/wp-content\/uploads\/2021\/04\/ptsmall.png\" alt=\"\" width=\"40\" height=\"27\" \/> Maus tratose e resili\u00eancia<\/a><\/p>\n<p><a href=\"https:\/\/pierretap.com\/ppt\/sante\/pt25b.pdf\"><img loading=\"lazy\" decoding=\"async\" class=\"alignnone size-full wp-image-147\" src=\"https:\/\/pierretap.com\/wp-content\/uploads\/2021\/04\/ptsmall.png\" alt=\"\" width=\"40\" height=\"27\" \/> A vida familiar riscos, protec\u00e7\u00f5es eresili\u00eancia<\/a><\/p>\n<p><a href=\"https:\/\/pierretap.com\/ppt\/sante\/pt25c.pdf\"><img loading=\"lazy\" decoding=\"async\" class=\"alignnone size-full wp-image-147\" src=\"https:\/\/pierretap.com\/wp-content\/uploads\/2021\/04\/ptsmall.png\" alt=\"\" width=\"40\" height=\"27\" \/> Psicologia, maus tratos e resili\u00eancia<\/a><\/p>\n<p><a href=\"https:\/\/pierretap.com\/ppt\/sante\/pt25d.pdf\"><img loading=\"lazy\" decoding=\"async\" class=\"alignnone size-full wp-image-147\" src=\"https:\/\/pierretap.com\/wp-content\/uploads\/2021\/04\/ptsmall.png\" alt=\"\" width=\"40\" height=\"27\" \/> Riscos psicosociais e resilienciaa crian\u00e7a<\/a><\/p>\n<h2>Identit\u00e9, personnalisation, d\u00e9veloppement de soi<\/h2>\n<p>&nbsp;<\/p>\n<p><a href=\"https:\/\/pierretap.com\/ppt\/identite\/eng31a.pdf\"><img loading=\"lazy\" decoding=\"async\" class=\"alignnone size-full wp-image-148\" src=\"https:\/\/pierretap.com\/wp-content\/uploads\/2021\/04\/ussmall.png\" alt=\"\" width=\"40\" height=\"21\" \/> Adolescents and (in)adaptation<\/a><\/p>\n<p><a href=\"https:\/\/pierretap.com\/ppt\/identite\/eng31b.pdf\"><img loading=\"lazy\" decoding=\"async\" class=\"alignnone size-full wp-image-148\" src=\"https:\/\/pierretap.com\/wp-content\/uploads\/2021\/04\/ussmall.png\" alt=\"\" width=\"40\" height=\"21\" \/> Adolescent and divorced families<\/a><\/p>\n<p><a href=\"https:\/\/pierretap.com\/ppt\/identite\/eng31c.pdf\"><img loading=\"lazy\" decoding=\"async\" class=\"alignnone size-full wp-image-148\" src=\"https:\/\/pierretap.com\/wp-content\/uploads\/2021\/04\/ussmall.png\" alt=\"\" width=\"40\" height=\"21\" \/> Health promoting schools<\/a><\/p>\n<p><a href=\"https:\/\/pierretap.com\/ppt\/identite\/eng31d.pdf\"><img loading=\"lazy\" decoding=\"async\" class=\"alignnone size-full wp-image-148\" src=\"https:\/\/pierretap.com\/wp-content\/uploads\/2021\/04\/ussmall.png\" alt=\"\" width=\"40\" height=\"21\" \/> Hospitalization effects children<\/a><\/p>\n<p><a href=\"https:\/\/pierretap.com\/ppt\/identite\/eng31e.pdf\"><img loading=\"lazy\" decoding=\"async\" class=\"alignnone size-full wp-image-148\" src=\"https:\/\/pierretap.com\/wp-content\/uploads\/2021\/04\/ussmall.png\" alt=\"\" width=\"40\" height=\"21\" \/> Adolescence vocational choice<\/a><\/p>\n<p><a href=\"https:\/\/pierretap.com\/ppt\/identite\/eng33.pdf\"><img loading=\"lazy\" decoding=\"async\" class=\"alignnone size-full wp-image-148\" src=\"https:\/\/pierretap.com\/wp-content\/uploads\/2021\/04\/ussmall.png\" alt=\"\" width=\"40\" height=\"21\" \/> Identity, self-esteem French pupils<\/a><\/p>\n<p><a href=\"https:\/\/pierretap.com\/ppt\/identite\/eng34a.pdf\"><img loading=\"lazy\" decoding=\"async\" class=\"alignnone size-full wp-image-148\" src=\"https:\/\/pierretap.com\/wp-content\/uploads\/2021\/04\/ussmall.png\" alt=\"\" width=\"40\" height=\"21\" \/> New scale of self-esteem (serthual)<\/a><\/p>\n<p><a href=\"https:\/\/pierretap.com\/ppt\/identite\/eng34b.pdf\"><img loading=\"lazy\" decoding=\"async\" class=\"alignnone size-full wp-image-148\" src=\"https:\/\/pierretap.com\/wp-content\/uploads\/2021\/04\/ussmall.png\" alt=\"\" width=\"40\" height=\"21\" \/> Rogers scale of self-esteem<\/a><\/p>\n<p><a href=\"https:\/\/pierretap.com\/ppt\/identite\/eng34d.pdf\"><img loading=\"lazy\" decoding=\"async\" class=\"alignnone size-full wp-image-148\" src=\"https:\/\/pierretap.com\/wp-content\/uploads\/2021\/04\/ussmall.png\" alt=\"\" width=\"40\" height=\"21\" \/> Smoking habits and self esteem<\/a><\/p>\n<p><a href=\"https:\/\/pierretap.com\/ppt\/identite\/eng34e.pdf\"><img loading=\"lazy\" decoding=\"async\" class=\"alignnone size-full wp-image-148\" src=\"https:\/\/pierretap.com\/wp-content\/uploads\/2021\/04\/ussmall.png\" alt=\"\" width=\"40\" height=\"21\" \/> Precariousness &amp; psychological vulnerability<\/a><\/p>\n<p><a href=\"https:\/\/pierretap.com\/ppt\/identite\/fr31.pdf\"><img loading=\"lazy\" decoding=\"async\" class=\"alignnone size-full wp-image-145\" src=\"https:\/\/pierretap.com\/wp-content\/uploads\/2021\/04\/frsmall.png\" alt=\"\" width=\"40\" height=\"27\" \/> Adoption, attachement et coping<\/a><\/p>\n<p><a href=\"https:\/\/pierretap.com\/ppt\/identite\/fr32a.pdf\"><img loading=\"lazy\" decoding=\"async\" class=\"alignnone size-full wp-image-145\" src=\"https:\/\/pierretap.com\/wp-content\/uploads\/2021\/04\/frsmall.png\" alt=\"\" width=\"40\" height=\"27\" \/> Corps, identit\u00e9 et avancement en \u00e2ge<\/a><\/p>\n<p><a href=\"https:\/\/pierretap.com\/ppt\/identite\/fr32b.pdf\"><img loading=\"lazy\" decoding=\"async\" class=\"alignnone size-full wp-image-145\" src=\"https:\/\/pierretap.com\/wp-content\/uploads\/2021\/04\/frsmall.png\" alt=\"\" width=\"40\" height=\"27\" \/> S\u00e9paration, crises et transitions<\/a><\/p>\n<p><a href=\"https:\/\/pierretap.com\/ppt\/identite\/fr33a.pdf\"><img loading=\"lazy\" decoding=\"async\" class=\"alignnone size-full wp-image-145\" src=\"https:\/\/pierretap.com\/wp-content\/uploads\/2021\/04\/frsmall.png\" alt=\"\" width=\"40\" height=\"27\" \/> Le corps et la parole<\/a><\/p>\n<p><a href=\"https:\/\/pierretap.com\/ppt\/identite\/fr33b.pdf\"><img loading=\"lazy\" decoding=\"async\" class=\"alignnone size-full wp-image-145\" src=\"https:\/\/pierretap.com\/wp-content\/uploads\/2021\/04\/frsmall.png\" alt=\"\" width=\"40\" height=\"27\" \/> Identit\u00e9s, des notions aux pratiques<\/a><\/p>\n<p><a href=\"https:\/\/pierretap.com\/ppt\/identite\/fr33c.pdf\"><img loading=\"lazy\" decoding=\"async\" class=\"alignnone size-full wp-image-145\" src=\"https:\/\/pierretap.com\/wp-content\/uploads\/2021\/04\/frsmall.png\" alt=\"\" width=\"40\" height=\"27\" \/> Identit\u00e9, identifications et empowerment \u00e0 l\u2019adolescence<\/a><\/p>\n<p><a href=\"https:\/\/pierretap.com\/ppt\/identite\/fr33d.pdf\"><img loading=\"lazy\" decoding=\"async\" class=\"alignnone size-full wp-image-145\" src=\"https:\/\/pierretap.com\/wp-content\/uploads\/2021\/04\/frsmall.png\" alt=\"\" width=\"40\" height=\"27\" \/> Dynamique personnelle<\/a><\/p>\n<p><a href=\"https:\/\/pierretap.com\/ppt\/identite\/fr34b.pdf\"><img loading=\"lazy\" decoding=\"async\" class=\"alignnone size-full wp-image-145\" src=\"https:\/\/pierretap.com\/wp-content\/uploads\/2021\/04\/frsmall.png\" alt=\"\" width=\"40\" height=\"27\" \/> Orientation sur l\u2019estime de soi \u00e0 l&rsquo;adolescence<\/a><\/p>\n<p><a href=\"https:\/\/pierretap.com\/ppt\/identite\/fr35a.pdf\"><img loading=\"lazy\" decoding=\"async\" class=\"alignnone size-full wp-image-145\" src=\"https:\/\/pierretap.com\/wp-content\/uploads\/2021\/04\/frsmall.png\" alt=\"\" width=\"40\" height=\"27\" \/> Identit\u00e9s et crises<\/a><\/p>\n<p><a href=\"https:\/\/pierretap.com\/ppt\/identite\/fr35b.pdf\"><img loading=\"lazy\" decoding=\"async\" class=\"alignnone size-full wp-image-145\" src=\"https:\/\/pierretap.com\/wp-content\/uploads\/2021\/04\/frsmall.png\" alt=\"\" width=\"40\" height=\"27\" \/> Sens, action, attachement et qualit\u00e9 de vie<\/a><\/p>\n<p><a href=\"https:\/\/pierretap.com\/ppt\/identite\/fr35c.pdf\"><img loading=\"lazy\" decoding=\"async\" class=\"alignnone size-full wp-image-145\" src=\"https:\/\/pierretap.com\/wp-content\/uploads\/2021\/04\/frsmall.png\" alt=\"\" width=\"40\" height=\"27\" \/> Crises et adaptation familiale<\/a><\/p>\n<p><a href=\"https:\/\/pierretap.com\/ppt\/identite\/pt32a.pdf\"><img loading=\"lazy\" decoding=\"async\" class=\"alignnone size-full wp-image-147\" src=\"https:\/\/pierretap.com\/wp-content\/uploads\/2021\/04\/ptsmall.png\" alt=\"\" width=\"40\" height=\"27\" \/> Investiga\u00e7\u00e3o, idade e envelhecimento<\/a><\/p>\n<p><a href=\"https:\/\/pierretap.com\/ppt\/identite\/pt33a.pdf\"><img loading=\"lazy\" decoding=\"async\" class=\"alignnone size-full wp-image-147\" src=\"https:\/\/pierretap.com\/wp-content\/uploads\/2021\/04\/ptsmall.png\" alt=\"\" width=\"40\" height=\"27\" \/> Din\u00e2mica pessoal e identidades<\/a><\/p>\n<p><a href=\"https:\/\/pierretap.com\/ppt\/identite\/pt33b.pdf\"><img loading=\"lazy\" decoding=\"async\" class=\"alignnone size-full wp-image-147\" src=\"https:\/\/pierretap.com\/wp-content\/uploads\/2021\/04\/ptsmall.png\" alt=\"\" width=\"40\" height=\"27\" \/> Identidades, crises e din\u00e2mica socio-pessoal<\/a><\/p>\n<p><a href=\"https:\/\/pierretap.com\/ppt\/identite\/pt33c.pdf\"><img loading=\"lazy\" decoding=\"async\" class=\"alignnone size-full wp-image-147\" src=\"https:\/\/pierretap.com\/wp-content\/uploads\/2021\/04\/ptsmall.png\" alt=\"\" width=\"40\" height=\"27\" \/> A constru\u00e7\u00e3o da identidade pessoal na crian\u00e7a<\/a><\/p>\n<p><a href=\"https:\/\/pierretap.com\/ppt\/identite\/pt33d.pdf\"><img loading=\"lazy\" decoding=\"async\" class=\"alignnone size-full wp-image-147\" src=\"https:\/\/pierretap.com\/wp-content\/uploads\/2021\/04\/ptsmall.png\" alt=\"\" width=\"40\" height=\"27\" \/> O Corpo e a palavra<\/a><\/p>\n<p><a href=\"https:\/\/pierretap.com\/ppt\/identite\/pt33e.pdf\"><img loading=\"lazy\" decoding=\"async\" class=\"alignnone size-full wp-image-147\" src=\"https:\/\/pierretap.com\/wp-content\/uploads\/2021\/04\/ptsmall.png\" alt=\"\" width=\"40\" height=\"27\" \/> Paradoxos da identidade<\/a><\/p>\n<p><a href=\"https:\/\/pierretap.com\/ppt\/identite\/pt33f.pdf\"><img loading=\"lazy\" decoding=\"async\" class=\"alignnone size-full wp-image-147\" src=\"https:\/\/pierretap.com\/wp-content\/uploads\/2021\/04\/ptsmall.png\" alt=\"\" width=\"40\" height=\"27\" \/> Identidade o masculino e o feminino<\/a><\/p>\n<p><a href=\"https:\/\/pierretap.com\/ppt\/identite\/pt34a.pdf\"><img loading=\"lazy\" decoding=\"async\" class=\"alignnone size-full wp-image-147\" src=\"https:\/\/pierretap.com\/wp-content\/uploads\/2021\/04\/ptsmall.png\" alt=\"\" width=\"40\" height=\"27\" \/> Auto-estima e precariedade<\/a><\/p>\n<p><a href=\"https:\/\/pierretap.com\/ppt\/identite\/pt34b.pdf\"><img loading=\"lazy\" decoding=\"async\" class=\"alignnone size-full wp-image-147\" src=\"https:\/\/pierretap.com\/wp-content\/uploads\/2021\/04\/ptsmall.png\" alt=\"\" width=\"40\" height=\"27\" \/> Escalas de auto-estima Rogers e Toulouse<\/a><\/p>\n<p><a href=\"https:\/\/pierretap.com\/ppt\/identite\/pt34d.pdf\"><img loading=\"lazy\" decoding=\"async\" class=\"alignnone size-full wp-image-147\" src=\"https:\/\/pierretap.com\/wp-content\/uploads\/2021\/04\/ptsmall.png\" alt=\"\" width=\"40\" height=\"27\" \/> Valores e jovens adultos<\/a><\/p>\n<p><a href=\"https:\/\/pierretap.com\/ppt\/identite\/pt34e.pdf\"><img loading=\"lazy\" decoding=\"async\" class=\"alignnone size-full wp-image-147\" src=\"https:\/\/pierretap.com\/wp-content\/uploads\/2021\/04\/ptsmall.png\" alt=\"\" width=\"40\" height=\"27\" \/> Valores e precariedade<\/a><\/p>\n<p><a href=\"https:\/\/pierretap.com\/ppt\/identite\/pt35a.pdf\"><img loading=\"lazy\" decoding=\"async\" class=\"alignnone size-full wp-image-147\" src=\"https:\/\/pierretap.com\/wp-content\/uploads\/2021\/04\/ptsmall.png\" alt=\"\" width=\"40\" height=\"27\" \/> Identidade, crise e transi\u00e7\u00e0o<\/a><\/p>\n<p><a href=\"https:\/\/pierretap.com\/ppt\/identite\/pt35b.pdf\"><img loading=\"lazy\" decoding=\"async\" class=\"alignnone size-full wp-image-147\" src=\"https:\/\/pierretap.com\/wp-content\/uploads\/2021\/04\/ptsmall.png\" alt=\"\" width=\"40\" height=\"27\" \/> Crise, transi\u00e7\u00e3o e adapta\u00e7\u00e3o na din\u00e2mica pessoal<\/a><\/p>\n<p><a href=\"https:\/\/pierretap.com\/ppt\/identite\/it36.pdf\"><img loading=\"lazy\" decoding=\"async\" class=\"alignnone size-full wp-image-146\" src=\"https:\/\/pierretap.com\/wp-content\/uploads\/2021\/04\/itsmall.png\" alt=\"\" width=\"40\" height=\"27\" \/> Libert\u00e0, \u201ccapabilit\u00e0\u201d e psicologia dell&rsquo;azione<\/a><\/p>\n<p><a href=\"https:\/\/pierretap.com\/ppt\/identite\/it37.pdf\"><img loading=\"lazy\" decoding=\"async\" class=\"alignnone size-full wp-image-146\" src=\"https:\/\/pierretap.com\/wp-content\/uploads\/2021\/04\/itsmall.png\" alt=\"\" width=\"40\" height=\"27\" \/>Libert\u00e9, \u201ccapabilit\u00e9s\u201d et psychologie de l&rsquo;action<\/a><\/p>\n<p>&nbsp;<\/p>\n","protected":false},"excerpt":{"rendered":"<p>Psychologie Sociale &nbsp; Identity ans VAE among persons in detention Precariousness and self-esteem Precariousness and integration Identit\u00e9 VAE et d\u00e9tention Pr\u00e9carit\u00e9 et vuln\u00e9rabilit\u00e9 Droits de l&rsquo;homme 1789 Acc\u00e8s au pouvoir (empowerment) de la personne Pr\u00e9carit\u00e9 et vuln\u00e9rabilit\u00e9 psychologique Precaridade, vulnerabilidade &amp;hierarquiza\u00e7\u00e3o de valores Precaridade &amp; vulnerabilidade psicol\u00f3gica estudo fr- pt Sa\u00fade, precariedade e vulnerabilidade psicossocial &hellip; <\/p>\n<p class=\"link-more\"><a href=\"https:\/\/pierretap.com\/index.php\/supports-video\/\" class=\"more-link\">Continuer la lecture<span class=\"screen-reader-text\"> de &laquo;&nbsp;Supports vid\u00e9o&nbsp;&raquo;<\/span><\/a><\/p>\n","protected":false},"author":1,"featured_media":0,"parent":0,"menu_order":0,"comment_status":"closed","ping_status":"closed","template":"","meta":{"footnotes":""},"class_list":["post-143","page","type-page","status-publish","hentry"],"_links":{"self":[{"href":"https:\/\/pierretap.com\/index.php\/wp-json\/wp\/v2\/pages\/143","targetHints":{"allow":["GET"]}}],"collection":[{"href":"https:\/\/pierretap.com\/index.php\/wp-json\/wp\/v2\/pages"}],"about":[{"href":"https:\/\/pierretap.com\/index.php\/wp-json\/wp\/v2\/types\/page"}],"author":[{"embeddable":true,"href":"https:\/\/pierretap.com\/index.php\/wp-json\/wp\/v2\/users\/1"}],"replies":[{"embeddable":true,"href":"https:\/\/pierretap.com\/index.php\/wp-json\/wp\/v2\/comments?post=143"}],"version-history":[{"count":37,"href":"https:\/\/pierretap.com\/index.php\/wp-json\/wp\/v2\/pages\/143\/revisions"}],"predecessor-version":[{"id":186,"href":"https:\/\/pierretap.com\/index.php\/wp-json\/wp\/v2\/pages\/143\/revisions\/186"}],"wp:attachment":[{"href":"https:\/\/pierretap.com\/index.php\/wp-json\/wp\/v2\/media?parent=143"}],"curies":[{"name":"wp","href":"https:\/\/api.w.org\/{rel}","templated":true}]}}